{"id":92,"date":"2024-08-26T18:16:15","date_gmt":"2024-08-26T16:16:15","guid":{"rendered":"https:\/\/websplash.familienhoerbuch.de\/?page_id=92"},"modified":"2025-09-17T13:43:21","modified_gmt":"2025-09-17T11:43:21","slug":"auszeichnungen","status":"publish","type":"page","link":"https:\/\/familienhoerbuch.de\/en\/auszeichnungen\/","title":{"rendered":"Auszeichnungen"},"content":{"rendered":"<div data-elementor-type=\"wp-page\" data-elementor-id=\"92\" class=\"elementor elementor-92\" data-elementor-post-type=\"page\">\n\t\t\t\t<div class=\"elementor-element elementor-element-00acb46 e-flex e-con-boxed e-con e-parent\" data-id=\"00acb46\" data-element_type=\"container\" data-e-type=\"container\">\n\t\t\t\t\t<div class=\"e-con-inner\">\n\t\t<div class=\"elementor-element elementor-element-f27e943 e-con-full e-flex e-con e-child\" data-id=\"f27e943\" data-element_type=\"container\" data-e-type=\"container\">\n\t\t\t\t<div class=\"elementor-element elementor-element-9dd7814 elementor-widget elementor-widget-heading\" data-id=\"9dd7814\" data-element_type=\"widget\" data-e-type=\"widget\" data-widget_type=\"heading.default\">\n\t\t\t\t<div class=\"elementor-widget-container\">\n\t\t\t\t\t<h4 class=\"elementor-heading-title elementor-size-default\">Auszeichnungen<\/h4>\t\t\t\t<\/div>\n\t\t\t\t<\/div>\n\t\t\t\t<\/div>\n\t\t\t\t\t<\/div>\n\t\t\t\t<\/div>\n\t\t<div class=\"elementor-element elementor-element-6493f54 e-flex e-con-boxed e-con e-parent\" data-id=\"6493f54\" data-element_type=\"container\" data-e-type=\"container\">\n\t\t\t\t\t<div class=\"e-con-inner\">\n\t\t<div class=\"elementor-element elementor-element-bb7df24 e-con-full e-flex e-con e-child\" data-id=\"bb7df24\" data-element_type=\"container\" data-e-type=\"container\">\n\t\t<div class=\"elementor-element elementor-element-0a46f1a e-grid e-con-full e-con e-child\" data-id=\"0a46f1a\" data-element_type=\"container\" data-e-type=\"container\">\n\t\t\t\t<div class=\"elementor-element elementor-element-40072a3 elementor-position-top elementor-widget elementor-widget-image-box\" data-id=\"40072a3\" data-element_type=\"widget\" data-e-type=\"widget\" data-widget_type=\"image-box.default\">\n\t\t\t\t<div class=\"elementor-widget-container\">\n\t\t\t\t\t<div class=\"elementor-image-box-wrapper\"><figure class=\"elementor-image-box-img\"><a href=\"https:\/\/www.stiftung-chancenreichtum.de\/foerderung\/unser-foerderpreis\/foerderpreisgewinner-2024.html\" target=\"_blank\" tabindex=\"-1\"><img fetchpriority=\"high\" decoding=\"async\" width=\"400\" height=\"400\" src=\"https:\/\/familienhoerbuch.de\/wp-content\/uploads\/2024\/09\/prophy-winner-charity.png\" class=\"attachment-full size-full wp-image-10066\" alt=\"\" srcset=\"https:\/\/familienhoerbuch.de\/wp-content\/uploads\/2024\/09\/prophy-winner-charity.png 400w, https:\/\/familienhoerbuch.de\/wp-content\/uploads\/2024\/09\/prophy-winner-charity-300x300.png 300w, https:\/\/familienhoerbuch.de\/wp-content\/uploads\/2024\/09\/prophy-winner-charity-150x150.png 150w\" sizes=\"(max-width: 400px) 100vw, 400px\" \/><\/a><\/figure><div class=\"elementor-image-box-content\"><p class=\"elementor-image-box-description\">2025 - PRophy in der Kategorie \u201eCharity\u201c<\/p><\/div><\/div>\t\t\t\t<\/div>\n\t\t\t\t<\/div>\n\t\t\t\t<div class=\"elementor-element elementor-element-9e8fbc2 elementor-position-top elementor-widget elementor-widget-image-box\" data-id=\"9e8fbc2\" data-element_type=\"widget\" data-e-type=\"widget\" data-widget_type=\"image-box.default\">\n\t\t\t\t<div class=\"elementor-widget-container\">\n\t\t\t\t\t<div class=\"elementor-image-box-wrapper\"><figure class=\"elementor-image-box-img\"><a href=\"https:\/\/www.stiftung-chancenreichtum.de\/foerderung\/unser-foerderpreis\/foerderpreisgewinner-2024.html\" target=\"_blank\" tabindex=\"-1\"><img decoding=\"async\" width=\"400\" height=\"400\" src=\"https:\/\/familienhoerbuch.de\/wp-content\/uploads\/2025\/03\/Swiss-Life-Foerderpreis.png\" class=\"attachment-full size-full wp-image-9771\" alt=\"\" srcset=\"https:\/\/familienhoerbuch.de\/wp-content\/uploads\/2025\/03\/Swiss-Life-Foerderpreis.png 400w, https:\/\/familienhoerbuch.de\/wp-content\/uploads\/2025\/03\/Swiss-Life-Foerderpreis-300x300.png 300w, https:\/\/familienhoerbuch.de\/wp-content\/uploads\/2025\/03\/Swiss-Life-Foerderpreis-150x150.png 150w\" sizes=\"(max-width: 400px) 100vw, 400px\" \/><\/a><\/figure><div class=\"elementor-image-box-content\"><p class=\"elementor-image-box-description\">2025 - Swiss Life F\u00f6rderpreis<\/p><\/div><\/div>\t\t\t\t<\/div>\n\t\t\t\t<\/div>\n\t\t\t\t<div class=\"elementor-element elementor-element-8ede66a elementor-position-top elementor-widget elementor-widget-image-box\" data-id=\"8ede66a\" data-element_type=\"widget\" data-e-type=\"widget\" data-widget_type=\"image-box.default\">\n\t\t\t\t<div class=\"elementor-widget-container\">\n\t\t\t\t\t<div class=\"elementor-image-box-wrapper\"><figure class=\"elementor-image-box-img\"><img decoding=\"async\" width=\"371\" height=\"290\" src=\"https:\/\/familienhoerbuch.de\/wp-content\/uploads\/2024\/08\/omamori.jpg\" class=\"attachment-full size-full wp-image-51\" alt=\"\" srcset=\"https:\/\/familienhoerbuch.de\/wp-content\/uploads\/2024\/08\/omamori.jpg 371w, https:\/\/familienhoerbuch.de\/wp-content\/uploads\/2024\/08\/omamori-300x235.jpg 300w\" sizes=\"(max-width: 371px) 100vw, 371px\" \/><\/figure><div class=\"elementor-image-box-content\"><p class=\"elementor-image-box-description\">2024 \u2013 O-Mamori Award in der Rubrik \u201eOnkologie\u201c verliehen von Daiichi-Sankyo<\/p><\/div><\/div>\t\t\t\t<\/div>\n\t\t\t\t<\/div>\n\t\t\t\t<div class=\"elementor-element elementor-element-1baca9c elementor-position-top elementor-widget elementor-widget-image-box\" data-id=\"1baca9c\" data-element_type=\"widget\" data-e-type=\"widget\" data-widget_type=\"image-box.default\">\n\t\t\t\t<div class=\"elementor-widget-container\">\n\t\t\t\t\t<div class=\"elementor-image-box-wrapper\"><figure class=\"elementor-image-box-img\"><img loading=\"lazy\" decoding=\"async\" width=\"300\" height=\"300\" src=\"https:\/\/familienhoerbuch.de\/wp-content\/uploads\/2024\/08\/Nordrhein-Westfalen-_Logo_LPT_TC_Stiftung_2024-3.png\" class=\"attachment-full size-full wp-image-52\" alt=\"\" srcset=\"https:\/\/familienhoerbuch.de\/wp-content\/uploads\/2024\/08\/Nordrhein-Westfalen-_Logo_LPT_TC_Stiftung_2024-3.png 300w, https:\/\/familienhoerbuch.de\/wp-content\/uploads\/2024\/08\/Nordrhein-Westfalen-_Logo_LPT_TC_Stiftung_2024-3-150x150.png 150w\" sizes=\"(max-width: 300px) 100vw, 300px\" \/><\/figure><div class=\"elementor-image-box-content\"><p class=\"elementor-image-box-description\">2024 -Town &amp; Country Stiftung,  Landespreis Nordrhein-Westfalen<\/p><\/div><\/div>\t\t\t\t<\/div>\n\t\t\t\t<\/div>\n\t\t\t\t<div class=\"elementor-element elementor-element-49dfb3c elementor-position-top elementor-widget elementor-widget-image-box\" data-id=\"49dfb3c\" data-element_type=\"widget\" data-e-type=\"widget\" data-widget_type=\"image-box.default\">\n\t\t\t\t<div class=\"elementor-widget-container\">\n\t\t\t\t\t<div class=\"elementor-image-box-wrapper\"><figure class=\"elementor-image-box-img\"><img loading=\"lazy\" decoding=\"async\" width=\"200\" height=\"200\" src=\"https:\/\/familienhoerbuch.de\/wp-content\/uploads\/2025\/09\/Judith_Bundesverdienstkreuz3.webp\" class=\"attachment-full size-full wp-image-11703\" alt=\"\" srcset=\"https:\/\/familienhoerbuch.de\/wp-content\/uploads\/2025\/09\/Judith_Bundesverdienstkreuz3.webp 200w, https:\/\/familienhoerbuch.de\/wp-content\/uploads\/2025\/09\/Judith_Bundesverdienstkreuz3-150x150.webp 150w\" sizes=\"(max-width: 200px) 100vw, 200px\" \/><\/figure><div class=\"elementor-image-box-content\"><p class=\"elementor-image-box-description\">2024 \u2013 Judith Gr\u00fcmmer erh\u00e4lt das Bundesverdienstkreuz f\u00fcr ihre Arbeit und den Aufbau der Familienh\u00f6rbuch gGmbH<\/p><\/div><\/div>\t\t\t\t<\/div>\n\t\t\t\t<\/div>\n\t\t\t\t<div class=\"elementor-element elementor-element-44aa89c elementor-position-top elementor-widget elementor-widget-image-box\" data-id=\"44aa89c\" data-element_type=\"widget\" data-e-type=\"widget\" data-widget_type=\"image-box.default\">\n\t\t\t\t<div class=\"elementor-widget-container\">\n\t\t\t\t\t<div class=\"elementor-image-box-wrapper\"><figure class=\"elementor-image-box-img\"><img loading=\"lazy\" decoding=\"async\" width=\"200\" height=\"200\" src=\"https:\/\/familienhoerbuch.de\/wp-content\/uploads\/2025\/09\/230615_KS_ZUGABE_PVL_c_Claudia-Hoehne_138.jp-g-1365x2048-13.webp\" class=\"attachment-full size-full wp-image-11702\" alt=\"\" srcset=\"https:\/\/familienhoerbuch.de\/wp-content\/uploads\/2025\/09\/230615_KS_ZUGABE_PVL_c_Claudia-Hoehne_138.jp-g-1365x2048-13.webp 200w, https:\/\/familienhoerbuch.de\/wp-content\/uploads\/2025\/09\/230615_KS_ZUGABE_PVL_c_Claudia-Hoehne_138.jp-g-1365x2048-13-150x150.webp 150w\" sizes=\"(max-width: 200px) 100vw, 200px\" \/><\/figure><div class=\"elementor-image-box-content\"><p class=\"elementor-image-box-description\">2023 \u2013 Judith Gr\u00fcmmer erh\u00e4lt den Zugabe-Preis der K\u00f6rber Stiftung f\u00fcr Gr\u00fcnder:innen 60plus (Foto: Claudia H\u00f6hne)<\/p><\/div><\/div>\t\t\t\t<\/div>\n\t\t\t\t<\/div>\n\t\t\t\t<div class=\"elementor-element elementor-element-b91ee6a elementor-position-top elementor-widget elementor-widget-image-box\" data-id=\"b91ee6a\" data-element_type=\"widget\" data-e-type=\"widget\" data-widget_type=\"image-box.default\">\n\t\t\t\t<div class=\"elementor-widget-container\">\n\t\t\t\t\t<div class=\"elementor-image-box-wrapper\"><figure class=\"elementor-image-box-img\"><img loading=\"lazy\" decoding=\"async\" width=\"768\" height=\"768\" src=\"https:\/\/familienhoerbuch.de\/wp-content\/uploads\/2024\/08\/Badge_nominiert_web-768x768-1.png\" class=\"attachment-full size-full wp-image-53\" alt=\"\" srcset=\"https:\/\/familienhoerbuch.de\/wp-content\/uploads\/2024\/08\/Badge_nominiert_web-768x768-1.png 768w, https:\/\/familienhoerbuch.de\/wp-content\/uploads\/2024\/08\/Badge_nominiert_web-768x768-1-300x300.png 300w, https:\/\/familienhoerbuch.de\/wp-content\/uploads\/2024\/08\/Badge_nominiert_web-768x768-1-150x150.png 150w\" sizes=\"(max-width: 768px) 100vw, 768px\" \/><\/figure><div class=\"elementor-image-box-content\"><p class=\"elementor-image-box-description\">2022 \u2013 Nominiert f\u00fcr den Deutschen Engagementpreis<\/p><\/div><\/div>\t\t\t\t<\/div>\n\t\t\t\t<\/div>\n\t\t\t\t<div class=\"elementor-element elementor-element-1cb8d97 elementor-position-top elementor-widget elementor-widget-image-box\" data-id=\"1cb8d97\" data-element_type=\"widget\" data-e-type=\"widget\" data-widget_type=\"image-box.default\">\n\t\t\t\t<div class=\"elementor-widget-container\">\n\t\t\t\t\t<div class=\"elementor-image-box-wrapper\"><figure class=\"elementor-image-box-img\"><img loading=\"lazy\" decoding=\"async\" width=\"300\" height=\"300\" src=\"https:\/\/familienhoerbuch.de\/wp-content\/uploads\/2024\/08\/Abb-2-Social-Design.jpg\" class=\"attachment-full size-full wp-image-54\" alt=\"\" srcset=\"https:\/\/familienhoerbuch.de\/wp-content\/uploads\/2024\/08\/Abb-2-Social-Design.jpg 300w, https:\/\/familienhoerbuch.de\/wp-content\/uploads\/2024\/08\/Abb-2-Social-Design-150x150.jpg 150w\" sizes=\"(max-width: 300px) 100vw, 300px\" \/><\/figure><div class=\"elementor-image-box-content\"><p class=\"elementor-image-box-description\">2021 \u2013 Publikumspreis beim Social\nDesign Award von SPIEGEL WISSEN\nund Bauhaus<\/p><\/div><\/div>\t\t\t\t<\/div>\n\t\t\t\t<\/div>\n\t\t\t\t<div class=\"elementor-element elementor-element-72e91ab elementor-position-top elementor-widget elementor-widget-image-box\" data-id=\"72e91ab\" data-element_type=\"widget\" data-e-type=\"widget\" data-widget_type=\"image-box.default\">\n\t\t\t\t<div class=\"elementor-widget-container\">\n\t\t\t\t\t<div class=\"elementor-image-box-wrapper\"><figure class=\"elementor-image-box-img\"><img loading=\"lazy\" decoding=\"async\" width=\"300\" height=\"300\" src=\"https:\/\/familienhoerbuch.de\/wp-content\/uploads\/2024\/08\/Abb-3-Goldene-Bild.jpg\" class=\"attachment-full size-full wp-image-55\" alt=\"\" srcset=\"https:\/\/familienhoerbuch.de\/wp-content\/uploads\/2024\/08\/Abb-3-Goldene-Bild.jpg 300w, https:\/\/familienhoerbuch.de\/wp-content\/uploads\/2024\/08\/Abb-3-Goldene-Bild-150x150.jpg 150w\" sizes=\"(max-width: 300px) 100vw, 300px\" \/><\/figure><div class=\"elementor-image-box-content\"><p class=\"elementor-image-box-description\">2021 \u2013 F\u00f6rderpreis des Netzwerks\nGOLDENE BILD der FRAU<\/p><\/div><\/div>\t\t\t\t<\/div>\n\t\t\t\t<\/div>\n\t\t\t\t<div class=\"elementor-element elementor-element-19b70bc elementor-position-top elementor-widget elementor-widget-image-box\" data-id=\"19b70bc\" data-element_type=\"widget\" data-e-type=\"widget\" data-widget_type=\"image-box.default\">\n\t\t\t\t<div class=\"elementor-widget-container\">\n\t\t\t\t\t<div class=\"elementor-image-box-wrapper\"><figure class=\"elementor-image-box-img\"><img loading=\"lazy\" decoding=\"async\" width=\"300\" height=\"300\" src=\"https:\/\/familienhoerbuch.de\/wp-content\/uploads\/2024\/08\/Abb-1-ISA.jpg\" class=\"attachment-full size-full wp-image-56\" alt=\"\" srcset=\"https:\/\/familienhoerbuch.de\/wp-content\/uploads\/2024\/08\/Abb-1-ISA.jpg 300w, https:\/\/familienhoerbuch.de\/wp-content\/uploads\/2024\/08\/Abb-1-ISA-150x150.jpg 150w\" sizes=\"(max-width: 300px) 100vw, 300px\" \/><\/figure><div class=\"elementor-image-box-content\"><p class=\"elementor-image-box-description\">2020 \u2013 International Sound<\/p><\/div><\/div>\t\t\t\t<\/div>\n\t\t\t\t<\/div>\n\t\t\t\t<\/div>\n\t\t\t\t<\/div>\n\t\t\t\t\t<\/div>\n\t\t\t\t<\/div>\n\t\t\t\t<\/div>","protected":false},"excerpt":{"rendered":"<p>Auszeichnungen 2025 &#8211; PRophy in der Kategorie \u201eCharity\u201c 2025 &#8211; Swiss Life F\u00f6rderpreis 2024 \u2013 O-Mamori Award in der Rubrik \u201eOnkologie\u201c verliehen von Daiichi-Sankyo 2024 -Town &amp; Country Stiftung, Landespreis Nordrhein-Westfalen 2024 \u2013 Judith Gr\u00fcmmer erh\u00e4lt das Bundesverdienstkreuz f\u00fcr ihre Arbeit und den Aufbau der Familienh\u00f6rbuch gGmbH 2023 \u2013 Judith Gr\u00fcmmer erh\u00e4lt den Zugabe-Preis der [&hellip;]<\/p>","protected":false},"author":1,"featured_media":0,"parent":0,"menu_order":0,"comment_status":"closed","ping_status":"closed","template":"","meta":{"_acf_changed":false,"footnotes":""},"class_list":["post-92","page","type-page","status-publish","hentry"],"acf":[],"_links":{"self":[{"href":"https:\/\/familienhoerbuch.de\/en\/wp-json\/wp\/v2\/pages\/92","targetHints":{"allow":["GET"]}}],"collection":[{"href":"https:\/\/familienhoerbuch.de\/en\/wp-json\/wp\/v2\/pages"}],"about":[{"href":"https:\/\/familienhoerbuch.de\/en\/wp-json\/wp\/v2\/types\/page"}],"author":[{"embeddable":true,"href":"https:\/\/familienhoerbuch.de\/en\/wp-json\/wp\/v2\/users\/1"}],"replies":[{"embeddable":true,"href":"https:\/\/familienhoerbuch.de\/en\/wp-json\/wp\/v2\/comments?post=92"}],"version-history":[{"count":0,"href":"https:\/\/familienhoerbuch.de\/en\/wp-json\/wp\/v2\/pages\/92\/revisions"}],"wp:attachment":[{"href":"https:\/\/familienhoerbuch.de\/en\/wp-json\/wp\/v2\/media?parent=92"}],"curies":[{"name":"wp","href":"https:\/\/api.w.org\/{rel}","templated":true}]}}