{"id":6741,"date":"2024-09-20T00:38:32","date_gmt":"2024-09-19T22:38:32","guid":{"rendered":"https:\/\/websplash.familienhoerbuch.de\/?page_id=6741"},"modified":"2024-10-09T19:45:01","modified_gmt":"2024-10-09T17:45:01","slug":"veranstaltungen","status":"publish","type":"page","link":"https:\/\/familienhoerbuch.de\/en\/veranstaltungen\/","title":{"rendered":"Veranstaltungen"},"content":{"rendered":"<div data-elementor-type=\"wp-page\" data-elementor-id=\"6741\" class=\"elementor elementor-6741\" data-elementor-post-type=\"page\">\n\t\t\t\t<div class=\"elementor-element elementor-element-a4a2f49 e-flex e-con-boxed e-con e-parent\" data-id=\"a4a2f49\" data-element_type=\"container\" data-e-type=\"container\">\n\t\t\t\t\t<div class=\"e-con-inner\">\n\t\t<div class=\"elementor-element elementor-element-9728739 e-con-full e-flex e-con e-child\" data-id=\"9728739\" data-element_type=\"container\" data-e-type=\"container\">\n\t\t\t\t<div class=\"elementor-element elementor-element-999d295 elementor-widget elementor-widget-heading\" data-id=\"999d295\" data-element_type=\"widget\" data-e-type=\"widget\" data-widget_type=\"heading.default\">\n\t\t\t\t<div class=\"elementor-widget-container\">\n\t\t\t\t\t<h4 class=\"elementor-heading-title elementor-size-default\">Veranstaltungen<\/h4>\t\t\t\t<\/div>\n\t\t\t\t<\/div>\n\t\t\t\t<\/div>\n\t\t\t\t<div class=\"elementor-element elementor-element-7635b8f elementor-grid-3 elementor-grid-tablet-2 elementor-grid-mobile-1 elementor-widget elementor-widget-loop-grid\" data-id=\"7635b8f\" data-element_type=\"widget\" data-e-type=\"widget\" data-settings=\"{&quot;template_id&quot;:&quot;7860&quot;,&quot;pagination_type&quot;:&quot;numbers&quot;,&quot;_skin&quot;:&quot;post&quot;,&quot;columns&quot;:&quot;3&quot;,&quot;columns_tablet&quot;:&quot;2&quot;,&quot;columns_mobile&quot;:&quot;1&quot;,&quot;edit_handle_selector&quot;:&quot;[data-elementor-type=\\&quot;loop-item\\&quot;]&quot;,&quot;pagination_load_type&quot;:&quot;page_reload&quot;,&quot;row_gap&quot;:{&quot;unit&quot;:&quot;px&quot;,&quot;size&quot;:&quot;&quot;,&quot;sizes&quot;:[]},&quot;row_gap_tablet&quot;:{&quot;unit&quot;:&quot;px&quot;,&quot;size&quot;:&quot;&quot;,&quot;sizes&quot;:[]},&quot;row_gap_mobile&quot;:{&quot;unit&quot;:&quot;px&quot;,&quot;size&quot;:&quot;&quot;,&quot;sizes&quot;:[]}}\" data-widget_type=\"loop-grid.post\">\n\t\t\t\t<div class=\"elementor-widget-container\">\n\t\t\t\t\t\t\t<div class=\"elementor-loop-container elementor-grid\" role=\"list\">\n\t\t<style id=\"loop-7860\">.elementor-7860 .elementor-element.elementor-element-3ae408ea{--display:flex;--gap:10px 10px;--row-gap:10px;--column-gap:10px;--padding-top:0px;--padding-bottom:0px;--padding-left:0px;--padding-right:0px;}.elementor-widget-theme-post-featured-image .widget-image-caption{color:var( --e-global-color-text );font-family:var( --e-global-typography-text-font-family ), Sans-serif;font-weight:var( --e-global-typography-text-font-weight );}.elementor-widget-theme-post-title .elementor-heading-title{font-family:var( --e-global-typography-primary-font-family ), Sans-serif;font-weight:var( --e-global-typography-primary-font-weight );color:var( --e-global-color-primary );}.elementor-7860 .elementor-element.elementor-element-743b0459 > .elementor-widget-container{margin:010px 0px 0px 0px;padding:0px 0px 0px 0px;}.elementor-widget-post-info .elementor-icon-list-item:not(:last-child):after{border-color:var( --e-global-color-text );}.elementor-widget-post-info .elementor-icon-list-icon i{color:var( --e-global-color-primary );}.elementor-widget-post-info .elementor-icon-list-icon svg{fill:var( --e-global-color-primary );}.elementor-widget-post-info .elementor-icon-list-text, .elementor-widget-post-info .elementor-icon-list-text a{color:var( --e-global-color-secondary );}.elementor-widget-post-info .elementor-icon-list-item{font-family:var( --e-global-typography-text-font-family ), Sans-serif;font-weight:var( --e-global-typography-text-font-weight );}.elementor-7860 .elementor-element.elementor-element-10ff72da .elementor-icon-list-icon{width:14px;}.elementor-7860 .elementor-element.elementor-element-10ff72da .elementor-icon-list-icon i{font-size:14px;}.elementor-7860 .elementor-element.elementor-element-10ff72da .elementor-icon-list-icon svg{--e-icon-list-icon-size:14px;}.elementor-7860 .elementor-element.elementor-element-10ff72da .elementor-icon-list-text, .elementor-7860 .elementor-element.elementor-element-10ff72da .elementor-icon-list-text a{color:var( --e-global-color-4be161e );}.elementor-widget-theme-post-excerpt .elementor-widget-container{font-family:var( --e-global-typography-text-font-family ), Sans-serif;font-weight:var( --e-global-typography-text-font-weight );color:var( --e-global-color-text );}.elementor-widget-button .elementor-button{font-family:var( --e-global-typography-accent-font-family ), Sans-serif;font-weight:var( --e-global-typography-accent-font-weight );background-color:var( --e-global-color-accent );}.elementor-7860 .elementor-element.elementor-element-fa4e084 .elementor-button{fill:var( --e-global-color-primary );color:var( --e-global-color-primary );background-color:var( --e-global-color-0b64130 );padding:0px 0px 0px 0px;}.elementor-7860 .elementor-element.elementor-element-fa4e084 .elementor-button:hover, .elementor-7860 .elementor-element.elementor-element-fa4e084 .elementor-button:focus{color:var( --e-global-color-4be161e );}.elementor-7860 .elementor-element.elementor-element-fa4e084 .elementor-button:hover svg, .elementor-7860 .elementor-element.elementor-element-fa4e084 .elementor-button:focus svg{fill:var( --e-global-color-4be161e );}@media(max-width:767px){.elementor-7860 .elementor-element.elementor-element-3ae408ea{--padding-top:40px;--padding-bottom:40px;--padding-left:20px;--padding-right:20px;}}<\/style>\t\t<div data-elementor-type=\"loop-item\" data-elementor-id=\"7860\" class=\"elementor elementor-7860 e-loop-item e-loop-item-14924 post-14924 post type-post status-publish format-standard has-post-thumbnail hentry category-archiv category-veranstaltungen tag-audiobiografie tag-biografie tag-festival tag-lebensgeschichten\" data-elementor-post-type=\"elementor_library\" data-custom-edit-handle=\"1\">\n\t\t\t<div class=\"elementor-element elementor-element-3ae408ea e-flex e-con-boxed e-con e-parent\" data-id=\"3ae408ea\" data-element_type=\"container\" data-e-type=\"container\">\n\t\t\t\t\t<div class=\"e-con-inner\">\n\t\t\t\t<div class=\"elementor-element elementor-element-66e673b elementor-widget elementor-widget-theme-post-featured-image elementor-widget-image\" data-id=\"66e673b\" data-element_type=\"widget\" data-e-type=\"widget\" data-widget_type=\"theme-post-featured-image.default\">\n\t\t\t\t<div class=\"elementor-widget-container\">\n\t\t\t\t\t\t\t\t\t\t\t\t\t\t\t<img fetchpriority=\"high\" decoding=\"async\" width=\"800\" height=\"553\" src=\"https:\/\/familienhoerbuch.de\/wp-content\/uploads\/2026\/04\/Fuer-AKTUELLES-auf-der-HP-Vorschau95.png\" class=\"attachment-large size-large wp-image-14925\" alt=\"\" srcset=\"https:\/\/familienhoerbuch.de\/wp-content\/uploads\/2026\/04\/Fuer-AKTUELLES-auf-der-HP-Vorschau95.png 960w, https:\/\/familienhoerbuch.de\/wp-content\/uploads\/2026\/04\/Fuer-AKTUELLES-auf-der-HP-Vorschau95-300x208.png 300w, https:\/\/familienhoerbuch.de\/wp-content\/uploads\/2026\/04\/Fuer-AKTUELLES-auf-der-HP-Vorschau95-768x531.png 768w\" sizes=\"(max-width: 800px) 100vw, 800px\" \/>\t\t\t\t\t\t\t\t\t\t\t\t\t\t\t<\/div>\n\t\t\t\t<\/div>\n\t\t\t\t<div class=\"elementor-element elementor-element-743b0459 elementor-widget elementor-widget-theme-post-title elementor-page-title elementor-widget-heading\" data-id=\"743b0459\" data-element_type=\"widget\" data-e-type=\"widget\" data-widget_type=\"theme-post-title.default\">\n\t\t\t\t<div class=\"elementor-widget-container\">\n\t\t\t\t\t<h5 class=\"elementor-heading-title elementor-size-default\"><a href=\"https:\/\/familienhoerbuch.de\/en\/veranstaltungstipp-im-november\/\">Veranstaltungstipp im November<\/a><\/h5>\t\t\t\t<\/div>\n\t\t\t\t<\/div>\n\t\t\t\t<div class=\"elementor-element elementor-element-10ff72da elementor-widget elementor-widget-post-info\" data-id=\"10ff72da\" data-element_type=\"widget\" data-e-type=\"widget\" data-widget_type=\"post-info.default\">\n\t\t\t\t<div class=\"elementor-widget-container\">\n\t\t\t\t\t\t\t<ul class=\"elementor-inline-items elementor-icon-list-items elementor-post-info\">\n\t\t\t\t\t\t\t\t<li class=\"elementor-icon-list-item elementor-repeater-item-3a41ada elementor-inline-item\" itemprop=\"datePublished\">\n\t\t\t\t\t\t\t\t\t\t\t\t\t<span class=\"elementor-icon-list-text elementor-post-info__item elementor-post-info__item--type-date\">\n\t\t\t\t\t\t\t\t\t\t<time>21. April 2026<\/time>\t\t\t\t\t<\/span>\n\t\t\t\t\t\t\t\t<\/li>\n\t\t\t\t<\/ul>\n\t\t\t\t\t\t<\/div>\n\t\t\t\t<\/div>\n\t\t\t\t<div class=\"elementor-element elementor-element-73364d77 elementor-widget elementor-widget-theme-post-excerpt\" data-id=\"73364d77\" data-element_type=\"widget\" data-e-type=\"widget\" data-widget_type=\"theme-post-excerpt.default\">\n\t\t\t\t<div class=\"elementor-widget-container\">\n\t\t\t\t\t<p>Familienh\u00f6rbuch-Gr\u00fcnderin Judith Gr\u00fcmmer wird in Hannover beim FESTIVAL DER LEBENSGESCHICHTEN vor Ort sein. Sie wurde als Ehrengast und Pionierin von...\t\t\t\t<\/div>\n\t\t\t\t<\/div>\n\t\t\t\t<div class=\"elementor-element elementor-element-fa4e084 elementor-widget elementor-widget-button\" data-id=\"fa4e084\" data-element_type=\"widget\" data-e-type=\"widget\" data-widget_type=\"button.default\">\n\t\t\t\t<div class=\"elementor-widget-container\">\n\t\t\t\t\t\t\t\t\t<div class=\"elementor-button-wrapper\">\n\t\t\t\t\t<a class=\"elementor-button elementor-button-link elementor-size-sm\" href=\"https:\/\/familienhoerbuch.de\/en\/veranstaltungstipp-im-november\/\">\n\t\t\t\t\t\t<span class=\"elementor-button-content-wrapper\">\n\t\t\t\t\t\t\t\t\t<span class=\"elementor-button-text\">Weiterlesen \u00bb<\/span>\n\t\t\t\t\t<\/span>\n\t\t\t\t\t<\/a>\n\t\t\t\t<\/div>\n\t\t\t\t\t\t\t\t<\/div>\n\t\t\t\t<\/div>\n\t\t\t\t\t<\/div>\n\t\t\t\t<\/div>\n\t\t\t\t<\/div>\n\t\t\t\t<div data-elementor-type=\"loop-item\" data-elementor-id=\"7860\" class=\"elementor elementor-7860 e-loop-item e-loop-item-13896 post-13896 post type-post status-publish format-standard has-post-thumbnail hentry category-archiv category-veranstaltungen tag-10-jahre tag-freiburg tag-judith-gruemmer tag-konzerthaus tag-speakerin tag-tedx\" data-elementor-post-type=\"elementor_library\" data-custom-edit-handle=\"1\">\n\t\t\t<div class=\"elementor-element elementor-element-3ae408ea e-flex e-con-boxed e-con e-parent\" data-id=\"3ae408ea\" data-element_type=\"container\" data-e-type=\"container\">\n\t\t\t\t\t<div class=\"e-con-inner\">\n\t\t\t\t<div class=\"elementor-element elementor-element-66e673b elementor-widget elementor-widget-theme-post-featured-image elementor-widget-image\" data-id=\"66e673b\" data-element_type=\"widget\" data-e-type=\"widget\" data-widget_type=\"theme-post-featured-image.default\">\n\t\t\t\t<div class=\"elementor-widget-container\">\n\t\t\t\t\t\t\t\t\t\t\t\t\t\t\t<img decoding=\"async\" width=\"800\" height=\"553\" src=\"https:\/\/familienhoerbuch.de\/wp-content\/uploads\/2026\/01\/Fuer-AKTUELLES-auf-der-HP-Vorschau66-1024x708.png\" class=\"attachment-large size-large wp-image-13897\" alt=\"\" srcset=\"https:\/\/familienhoerbuch.de\/wp-content\/uploads\/2026\/01\/Fuer-AKTUELLES-auf-der-HP-Vorschau66-1024x708.png 1024w, https:\/\/familienhoerbuch.de\/wp-content\/uploads\/2026\/01\/Fuer-AKTUELLES-auf-der-HP-Vorschau66-300x208.png 300w, https:\/\/familienhoerbuch.de\/wp-content\/uploads\/2026\/01\/Fuer-AKTUELLES-auf-der-HP-Vorschau66-768x531.png 768w, https:\/\/familienhoerbuch.de\/wp-content\/uploads\/2026\/01\/Fuer-AKTUELLES-auf-der-HP-Vorschau66.png 1152w\" sizes=\"(max-width: 800px) 100vw, 800px\" \/>\t\t\t\t\t\t\t\t\t\t\t\t\t\t\t<\/div>\n\t\t\t\t<\/div>\n\t\t\t\t<div class=\"elementor-element elementor-element-743b0459 elementor-widget elementor-widget-theme-post-title elementor-page-title elementor-widget-heading\" data-id=\"743b0459\" data-element_type=\"widget\" data-e-type=\"widget\" data-widget_type=\"theme-post-title.default\">\n\t\t\t\t<div class=\"elementor-widget-container\">\n\t\t\t\t\t<h5 class=\"elementor-heading-title elementor-size-default\"><a href=\"https:\/\/familienhoerbuch.de\/en\/tedx-in-freiburg\/\">Ideas change everything<\/a><\/h5>\t\t\t\t<\/div>\n\t\t\t\t<\/div>\n\t\t\t\t<div class=\"elementor-element elementor-element-10ff72da elementor-widget elementor-widget-post-info\" data-id=\"10ff72da\" data-element_type=\"widget\" data-e-type=\"widget\" data-widget_type=\"post-info.default\">\n\t\t\t\t<div class=\"elementor-widget-container\">\n\t\t\t\t\t\t\t<ul class=\"elementor-inline-items elementor-icon-list-items elementor-post-info\">\n\t\t\t\t\t\t\t\t<li class=\"elementor-icon-list-item elementor-repeater-item-3a41ada elementor-inline-item\" itemprop=\"datePublished\">\n\t\t\t\t\t\t\t\t\t\t\t\t\t<span class=\"elementor-icon-list-text elementor-post-info__item elementor-post-info__item--type-date\">\n\t\t\t\t\t\t\t\t\t\t<time>22. January 2026<\/time>\t\t\t\t\t<\/span>\n\t\t\t\t\t\t\t\t<\/li>\n\t\t\t\t<\/ul>\n\t\t\t\t\t\t<\/div>\n\t\t\t\t<\/div>\n\t\t\t\t<div class=\"elementor-element elementor-element-73364d77 elementor-widget elementor-widget-theme-post-excerpt\" data-id=\"73364d77\" data-element_type=\"widget\" data-e-type=\"widget\" data-widget_type=\"theme-post-excerpt.default\">\n\t\t\t\t<div class=\"elementor-widget-container\">\n\t\t\t\t\t<p>Bereits zum zehnten Mal finden im Konzerthaus Freiburg inspirierende TEDx-Vortr\u00e4ge statt (Samstag, 28.03.2026). Familienh\u00f6rbuch-Gr\u00fcnderin Judith Gr\u00fcmmer ist als Speakerin am...\t\t\t\t<\/div>\n\t\t\t\t<\/div>\n\t\t\t\t<div class=\"elementor-element elementor-element-fa4e084 elementor-widget elementor-widget-button\" data-id=\"fa4e084\" data-element_type=\"widget\" data-e-type=\"widget\" data-widget_type=\"button.default\">\n\t\t\t\t<div class=\"elementor-widget-container\">\n\t\t\t\t\t\t\t\t\t<div class=\"elementor-button-wrapper\">\n\t\t\t\t\t<a class=\"elementor-button elementor-button-link elementor-size-sm\" href=\"https:\/\/familienhoerbuch.de\/en\/tedx-in-freiburg\/\">\n\t\t\t\t\t\t<span class=\"elementor-button-content-wrapper\">\n\t\t\t\t\t\t\t\t\t<span class=\"elementor-button-text\">Weiterlesen \u00bb<\/span>\n\t\t\t\t\t<\/span>\n\t\t\t\t\t<\/a>\n\t\t\t\t<\/div>\n\t\t\t\t\t\t\t\t<\/div>\n\t\t\t\t<\/div>\n\t\t\t\t\t<\/div>\n\t\t\t\t<\/div>\n\t\t\t\t<\/div>\n\t\t\t\t<div data-elementor-type=\"loop-item\" data-elementor-id=\"7860\" class=\"elementor elementor-7860 e-loop-item e-loop-item-11289 post-11289 post type-post status-publish format-standard has-post-thumbnail hentry category-archiv category-spenden category-veranstaltungen tag-burg-wilhelmstein tag-charity tag-chris-tall tag-comedy tag-guter-zweck tag-ingmar-stadelmann tag-spenden tag-wuerselen\" data-elementor-post-type=\"elementor_library\" data-custom-edit-handle=\"1\">\n\t\t\t<div class=\"elementor-element elementor-element-3ae408ea e-flex e-con-boxed e-con e-parent\" data-id=\"3ae408ea\" data-element_type=\"container\" data-e-type=\"container\">\n\t\t\t\t\t<div class=\"e-con-inner\">\n\t\t\t\t<div class=\"elementor-element elementor-element-66e673b elementor-widget elementor-widget-theme-post-featured-image elementor-widget-image\" data-id=\"66e673b\" data-element_type=\"widget\" data-e-type=\"widget\" data-widget_type=\"theme-post-featured-image.default\">\n\t\t\t\t<div class=\"elementor-widget-container\">\n\t\t\t\t\t\t\t\t\t\t\t\t\t\t\t<img decoding=\"async\" width=\"800\" height=\"553\" src=\"https:\/\/familienhoerbuch.de\/wp-content\/uploads\/2025\/09\/Fuer-AKTUELLES-auf-der-HP-Vorschau20.webp\" class=\"attachment-large size-large wp-image-11290\" alt=\"\" srcset=\"https:\/\/familienhoerbuch.de\/wp-content\/uploads\/2025\/09\/Fuer-AKTUELLES-auf-der-HP-Vorschau20.webp 960w, https:\/\/familienhoerbuch.de\/wp-content\/uploads\/2025\/09\/Fuer-AKTUELLES-auf-der-HP-Vorschau20-300x208.webp 300w, https:\/\/familienhoerbuch.de\/wp-content\/uploads\/2025\/09\/Fuer-AKTUELLES-auf-der-HP-Vorschau20-768x531.webp 768w\" sizes=\"(max-width: 800px) 100vw, 800px\" \/>\t\t\t\t\t\t\t\t\t\t\t\t\t\t\t<\/div>\n\t\t\t\t<\/div>\n\t\t\t\t<div class=\"elementor-element elementor-element-743b0459 elementor-widget elementor-widget-theme-post-title elementor-page-title elementor-widget-heading\" data-id=\"743b0459\" data-element_type=\"widget\" data-e-type=\"widget\" data-widget_type=\"theme-post-title.default\">\n\t\t\t\t<div class=\"elementor-widget-container\">\n\t\t\t\t\t<h5 class=\"elementor-heading-title elementor-size-default\"><a href=\"https:\/\/familienhoerbuch.de\/en\/charity-comedy\/\">Charity-Comedy<\/a><\/h5>\t\t\t\t<\/div>\n\t\t\t\t<\/div>\n\t\t\t\t<div class=\"elementor-element elementor-element-10ff72da elementor-widget elementor-widget-post-info\" data-id=\"10ff72da\" data-element_type=\"widget\" data-e-type=\"widget\" data-widget_type=\"post-info.default\">\n\t\t\t\t<div class=\"elementor-widget-container\">\n\t\t\t\t\t\t\t<ul class=\"elementor-inline-items elementor-icon-list-items elementor-post-info\">\n\t\t\t\t\t\t\t\t<li class=\"elementor-icon-list-item elementor-repeater-item-3a41ada elementor-inline-item\" itemprop=\"datePublished\">\n\t\t\t\t\t\t\t\t\t\t\t\t\t<span class=\"elementor-icon-list-text elementor-post-info__item elementor-post-info__item--type-date\">\n\t\t\t\t\t\t\t\t\t\t<time>1. September 2025<\/time>\t\t\t\t\t<\/span>\n\t\t\t\t\t\t\t\t<\/li>\n\t\t\t\t<\/ul>\n\t\t\t\t\t\t<\/div>\n\t\t\t\t<\/div>\n\t\t\t\t<div class=\"elementor-element elementor-element-73364d77 elementor-widget elementor-widget-theme-post-excerpt\" data-id=\"73364d77\" data-element_type=\"widget\" data-e-type=\"widget\" data-widget_type=\"theme-post-excerpt.default\">\n\t\t\t\t<div class=\"elementor-widget-container\">\n\t\t\t\t\t<p>Am 28. August fand \u201eComedy for Hope\u201c auf der Freilichtb\u00fchne Burg Wilhelmstein in W\u00fcrselen statt. Dabei handelt es sich um...\t\t\t\t<\/div>\n\t\t\t\t<\/div>\n\t\t\t\t<div class=\"elementor-element elementor-element-fa4e084 elementor-widget elementor-widget-button\" data-id=\"fa4e084\" data-element_type=\"widget\" data-e-type=\"widget\" data-widget_type=\"button.default\">\n\t\t\t\t<div class=\"elementor-widget-container\">\n\t\t\t\t\t\t\t\t\t<div class=\"elementor-button-wrapper\">\n\t\t\t\t\t<a class=\"elementor-button elementor-button-link elementor-size-sm\" href=\"https:\/\/familienhoerbuch.de\/en\/charity-comedy\/\">\n\t\t\t\t\t\t<span class=\"elementor-button-content-wrapper\">\n\t\t\t\t\t\t\t\t\t<span class=\"elementor-button-text\">Weiterlesen \u00bb<\/span>\n\t\t\t\t\t<\/span>\n\t\t\t\t\t<\/a>\n\t\t\t\t<\/div>\n\t\t\t\t\t\t\t\t<\/div>\n\t\t\t\t<\/div>\n\t\t\t\t\t<\/div>\n\t\t\t\t<\/div>\n\t\t\t\t<\/div>\n\t\t\t\t<div data-elementor-type=\"loop-item\" data-elementor-id=\"7860\" class=\"elementor elementor-7860 e-loop-item e-loop-item-10328 post-10328 post type-post status-publish format-standard has-post-thumbnail hentry category-archiv category-veranstaltungen tag-berlin tag-darmkrebs tag-felix-burda-award tag-praevention tag-vorsorge\" data-elementor-post-type=\"elementor_library\" data-custom-edit-handle=\"1\">\n\t\t\t<div class=\"elementor-element elementor-element-3ae408ea e-flex e-con-boxed e-con e-parent\" data-id=\"3ae408ea\" data-element_type=\"container\" data-e-type=\"container\">\n\t\t\t\t\t<div class=\"e-con-inner\">\n\t\t\t\t<div class=\"elementor-element elementor-element-66e673b elementor-widget elementor-widget-theme-post-featured-image elementor-widget-image\" data-id=\"66e673b\" data-element_type=\"widget\" data-e-type=\"widget\" data-widget_type=\"theme-post-featured-image.default\">\n\t\t\t\t<div class=\"elementor-widget-container\">\n\t\t\t\t\t\t\t\t\t\t\t\t\t\t\t<img loading=\"lazy\" decoding=\"async\" width=\"800\" height=\"553\" src=\"https:\/\/familienhoerbuch.de\/wp-content\/uploads\/2025\/05\/Fuer-AKTUELLES-auf-der-HP-Vorschau5-1024x708.png\" class=\"attachment-large size-large wp-image-10329\" alt=\"\" srcset=\"https:\/\/familienhoerbuch.de\/wp-content\/uploads\/2025\/05\/Fuer-AKTUELLES-auf-der-HP-Vorschau5-1024x708.png 1024w, https:\/\/familienhoerbuch.de\/wp-content\/uploads\/2025\/05\/Fuer-AKTUELLES-auf-der-HP-Vorschau5-300x208.png 300w, https:\/\/familienhoerbuch.de\/wp-content\/uploads\/2025\/05\/Fuer-AKTUELLES-auf-der-HP-Vorschau5-768x531.png 768w, https:\/\/familienhoerbuch.de\/wp-content\/uploads\/2025\/05\/Fuer-AKTUELLES-auf-der-HP-Vorschau5.png 1152w\" sizes=\"(max-width: 800px) 100vw, 800px\" \/>\t\t\t\t\t\t\t\t\t\t\t\t\t\t\t<\/div>\n\t\t\t\t<\/div>\n\t\t\t\t<div class=\"elementor-element elementor-element-743b0459 elementor-widget elementor-widget-theme-post-title elementor-page-title elementor-widget-heading\" data-id=\"743b0459\" data-element_type=\"widget\" data-e-type=\"widget\" data-widget_type=\"theme-post-title.default\">\n\t\t\t\t<div class=\"elementor-widget-container\">\n\t\t\t\t\t<h5 class=\"elementor-heading-title elementor-size-default\"><a href=\"https:\/\/familienhoerbuch.de\/en\/felix-burda-award-2025\/\">Felix Burda Award 2025<\/a><\/h5>\t\t\t\t<\/div>\n\t\t\t\t<\/div>\n\t\t\t\t<div class=\"elementor-element elementor-element-10ff72da elementor-widget elementor-widget-post-info\" data-id=\"10ff72da\" data-element_type=\"widget\" data-e-type=\"widget\" data-widget_type=\"post-info.default\">\n\t\t\t\t<div class=\"elementor-widget-container\">\n\t\t\t\t\t\t\t<ul class=\"elementor-inline-items elementor-icon-list-items elementor-post-info\">\n\t\t\t\t\t\t\t\t<li class=\"elementor-icon-list-item elementor-repeater-item-3a41ada elementor-inline-item\" itemprop=\"datePublished\">\n\t\t\t\t\t\t\t\t\t\t\t\t\t<span class=\"elementor-icon-list-text elementor-post-info__item elementor-post-info__item--type-date\">\n\t\t\t\t\t\t\t\t\t\t<time>13. May 2025<\/time>\t\t\t\t\t<\/span>\n\t\t\t\t\t\t\t\t<\/li>\n\t\t\t\t<\/ul>\n\t\t\t\t\t\t<\/div>\n\t\t\t\t<\/div>\n\t\t\t\t<div class=\"elementor-element elementor-element-73364d77 elementor-widget elementor-widget-theme-post-excerpt\" data-id=\"73364d77\" data-element_type=\"widget\" data-e-type=\"widget\" data-widget_type=\"theme-post-excerpt.default\">\n\t\t\t\t<div class=\"elementor-widget-container\">\n\t\t\t\t\t<p>In diesem Jahr trafen Yes!Con und Felix Burda Award in Berlin aufeinander. Beide Veranstaltungen waren im Gasometer in Sch\u00f6neberg untergebracht...\t\t\t\t<\/div>\n\t\t\t\t<\/div>\n\t\t\t\t<div class=\"elementor-element elementor-element-fa4e084 elementor-widget elementor-widget-button\" data-id=\"fa4e084\" data-element_type=\"widget\" data-e-type=\"widget\" data-widget_type=\"button.default\">\n\t\t\t\t<div class=\"elementor-widget-container\">\n\t\t\t\t\t\t\t\t\t<div class=\"elementor-button-wrapper\">\n\t\t\t\t\t<a class=\"elementor-button elementor-button-link elementor-size-sm\" href=\"https:\/\/familienhoerbuch.de\/en\/felix-burda-award-2025\/\">\n\t\t\t\t\t\t<span class=\"elementor-button-content-wrapper\">\n\t\t\t\t\t\t\t\t\t<span class=\"elementor-button-text\">Weiterlesen \u00bb<\/span>\n\t\t\t\t\t<\/span>\n\t\t\t\t\t<\/a>\n\t\t\t\t<\/div>\n\t\t\t\t\t\t\t\t<\/div>\n\t\t\t\t<\/div>\n\t\t\t\t\t<\/div>\n\t\t\t\t<\/div>\n\t\t\t\t<\/div>\n\t\t\t\t<div data-elementor-type=\"loop-item\" data-elementor-id=\"7860\" class=\"elementor elementor-7860 e-loop-item e-loop-item-10324 post-10324 post type-post status-publish format-standard has-post-thumbnail hentry category-archiv category-veranstaltungen tag-berlin tag-gasometer tag-krebs tag-projektteilnehmer tag-yescon\" data-elementor-post-type=\"elementor_library\" data-custom-edit-handle=\"1\">\n\t\t\t<div class=\"elementor-element elementor-element-3ae408ea e-flex e-con-boxed e-con e-parent\" data-id=\"3ae408ea\" data-element_type=\"container\" data-e-type=\"container\">\n\t\t\t\t\t<div class=\"e-con-inner\">\n\t\t\t\t<div class=\"elementor-element elementor-element-66e673b elementor-widget elementor-widget-theme-post-featured-image elementor-widget-image\" data-id=\"66e673b\" data-element_type=\"widget\" data-e-type=\"widget\" data-widget_type=\"theme-post-featured-image.default\">\n\t\t\t\t<div class=\"elementor-widget-container\">\n\t\t\t\t\t\t\t\t\t\t\t\t\t\t\t<img loading=\"lazy\" decoding=\"async\" width=\"800\" height=\"553\" src=\"https:\/\/familienhoerbuch.de\/wp-content\/uploads\/2025\/05\/Fuer-AKTUELLES-auf-der-HP-Vorschau3.png\" class=\"attachment-large size-large wp-image-10325\" alt=\"\" srcset=\"https:\/\/familienhoerbuch.de\/wp-content\/uploads\/2025\/05\/Fuer-AKTUELLES-auf-der-HP-Vorschau3.png 960w, https:\/\/familienhoerbuch.de\/wp-content\/uploads\/2025\/05\/Fuer-AKTUELLES-auf-der-HP-Vorschau3-300x208.png 300w, https:\/\/familienhoerbuch.de\/wp-content\/uploads\/2025\/05\/Fuer-AKTUELLES-auf-der-HP-Vorschau3-768x531.png 768w\" sizes=\"(max-width: 800px) 100vw, 800px\" \/>\t\t\t\t\t\t\t\t\t\t\t\t\t\t\t<\/div>\n\t\t\t\t<\/div>\n\t\t\t\t<div class=\"elementor-element elementor-element-743b0459 elementor-widget elementor-widget-theme-post-title elementor-page-title elementor-widget-heading\" data-id=\"743b0459\" data-element_type=\"widget\" data-e-type=\"widget\" data-widget_type=\"theme-post-title.default\">\n\t\t\t\t<div class=\"elementor-widget-container\">\n\t\t\t\t\t<h5 class=\"elementor-heading-title elementor-size-default\"><a href=\"https:\/\/familienhoerbuch.de\/en\/yescon-6-0\/\">Yes!Con 6.0<\/a><\/h5>\t\t\t\t<\/div>\n\t\t\t\t<\/div>\n\t\t\t\t<div class=\"elementor-element elementor-element-10ff72da elementor-widget elementor-widget-post-info\" data-id=\"10ff72da\" data-element_type=\"widget\" data-e-type=\"widget\" data-widget_type=\"post-info.default\">\n\t\t\t\t<div class=\"elementor-widget-container\">\n\t\t\t\t\t\t\t<ul class=\"elementor-inline-items elementor-icon-list-items elementor-post-info\">\n\t\t\t\t\t\t\t\t<li class=\"elementor-icon-list-item elementor-repeater-item-3a41ada elementor-inline-item\" itemprop=\"datePublished\">\n\t\t\t\t\t\t\t\t\t\t\t\t\t<span class=\"elementor-icon-list-text elementor-post-info__item elementor-post-info__item--type-date\">\n\t\t\t\t\t\t\t\t\t\t<time>13. May 2025<\/time>\t\t\t\t\t<\/span>\n\t\t\t\t\t\t\t\t<\/li>\n\t\t\t\t<\/ul>\n\t\t\t\t\t\t<\/div>\n\t\t\t\t<\/div>\n\t\t\t\t<div class=\"elementor-element elementor-element-73364d77 elementor-widget elementor-widget-theme-post-excerpt\" data-id=\"73364d77\" data-element_type=\"widget\" data-e-type=\"widget\" data-widget_type=\"theme-post-excerpt.default\">\n\t\t\t\t<div class=\"elementor-widget-container\">\n\t\t\t\t\t<p>Am 09. und 10. Mai 2025 fand in Berlin (Gasometer) Deutschlands gr\u00f6\u00dfte Krebs-Convention statt. Bereits zum sechsten Mal versammelten sich...\t\t\t\t<\/div>\n\t\t\t\t<\/div>\n\t\t\t\t<div class=\"elementor-element elementor-element-fa4e084 elementor-widget elementor-widget-button\" data-id=\"fa4e084\" data-element_type=\"widget\" data-e-type=\"widget\" data-widget_type=\"button.default\">\n\t\t\t\t<div class=\"elementor-widget-container\">\n\t\t\t\t\t\t\t\t\t<div class=\"elementor-button-wrapper\">\n\t\t\t\t\t<a class=\"elementor-button elementor-button-link elementor-size-sm\" href=\"https:\/\/familienhoerbuch.de\/en\/yescon-6-0\/\">\n\t\t\t\t\t\t<span class=\"elementor-button-content-wrapper\">\n\t\t\t\t\t\t\t\t\t<span class=\"elementor-button-text\">Weiterlesen \u00bb<\/span>\n\t\t\t\t\t<\/span>\n\t\t\t\t\t<\/a>\n\t\t\t\t<\/div>\n\t\t\t\t\t\t\t\t<\/div>\n\t\t\t\t<\/div>\n\t\t\t\t\t<\/div>\n\t\t\t\t<\/div>\n\t\t\t\t<\/div>\n\t\t\t\t<div data-elementor-type=\"loop-item\" data-elementor-id=\"7860\" class=\"elementor elementor-7860 e-loop-item e-loop-item-8736 post-8736 post type-post status-publish format-standard has-post-thumbnail hentry category-archiv category-veranstaltungen tag-burda tag-carsten-buchert tag-fundraising tag-muenchen tag-stiftung tag-stiftungsnetzwerk\" data-elementor-post-type=\"elementor_library\" data-custom-edit-handle=\"1\">\n\t\t\t<div class=\"elementor-element elementor-element-3ae408ea e-flex e-con-boxed e-con e-parent\" data-id=\"3ae408ea\" data-element_type=\"container\" data-e-type=\"container\">\n\t\t\t\t\t<div class=\"e-con-inner\">\n\t\t\t\t<div class=\"elementor-element elementor-element-66e673b elementor-widget elementor-widget-theme-post-featured-image elementor-widget-image\" data-id=\"66e673b\" data-element_type=\"widget\" data-e-type=\"widget\" data-widget_type=\"theme-post-featured-image.default\">\n\t\t\t\t<div class=\"elementor-widget-container\">\n\t\t\t\t\t\t\t\t\t\t\t\t\t\t\t<img loading=\"lazy\" decoding=\"async\" width=\"768\" height=\"531\" src=\"https:\/\/familienhoerbuch.de\/wp-content\/uploads\/2024\/11\/Design-ohne-Titel209.png\" class=\"attachment-large size-large wp-image-8742\" alt=\"Zwei Herren beim Stiftungsnetzwerk M\u00fcnchen\" srcset=\"https:\/\/familienhoerbuch.de\/wp-content\/uploads\/2024\/11\/Design-ohne-Titel209.png 768w, https:\/\/familienhoerbuch.de\/wp-content\/uploads\/2024\/11\/Design-ohne-Titel209-300x207.png 300w\" sizes=\"(max-width: 768px) 100vw, 768px\" \/>\t\t\t\t\t\t\t\t\t\t\t\t\t\t\t<\/div>\n\t\t\t\t<\/div>\n\t\t\t\t<div class=\"elementor-element elementor-element-743b0459 elementor-widget elementor-widget-theme-post-title elementor-page-title elementor-widget-heading\" data-id=\"743b0459\" data-element_type=\"widget\" data-e-type=\"widget\" data-widget_type=\"theme-post-title.default\">\n\t\t\t\t<div class=\"elementor-widget-container\">\n\t\t\t\t\t<h5 class=\"elementor-heading-title elementor-size-default\"><a href=\"https:\/\/familienhoerbuch.de\/en\/neulich-in-muenchen\/\">Neulich in M\u00fcnchen<\/a><\/h5>\t\t\t\t<\/div>\n\t\t\t\t<\/div>\n\t\t\t\t<div class=\"elementor-element elementor-element-10ff72da elementor-widget elementor-widget-post-info\" data-id=\"10ff72da\" data-element_type=\"widget\" data-e-type=\"widget\" data-widget_type=\"post-info.default\">\n\t\t\t\t<div class=\"elementor-widget-container\">\n\t\t\t\t\t\t\t<ul class=\"elementor-inline-items elementor-icon-list-items elementor-post-info\">\n\t\t\t\t\t\t\t\t<li class=\"elementor-icon-list-item elementor-repeater-item-3a41ada elementor-inline-item\" itemprop=\"datePublished\">\n\t\t\t\t\t\t\t\t\t\t\t\t\t<span class=\"elementor-icon-list-text elementor-post-info__item elementor-post-info__item--type-date\">\n\t\t\t\t\t\t\t\t\t\t<time>18. November 2024<\/time>\t\t\t\t\t<\/span>\n\t\t\t\t\t\t\t\t<\/li>\n\t\t\t\t<\/ul>\n\t\t\t\t\t\t<\/div>\n\t\t\t\t<\/div>\n\t\t\t\t<div class=\"elementor-element elementor-element-73364d77 elementor-widget elementor-widget-theme-post-excerpt\" data-id=\"73364d77\" data-element_type=\"widget\" data-e-type=\"widget\" data-widget_type=\"theme-post-excerpt.default\">\n\t\t\t\t<div class=\"elementor-widget-container\">\n\t\t\t\t\t<p>Das Familienh\u00f6rbuch ist \u00fcberall zu finden. Manchmal sogar als \u201eDoppelagent\u201c. Thomas Koenen (Ressortleiter Fundraising &amp; Kommunikation, Familienh\u00f6rbuch gGmbH) besuchte beispielsweise...\t\t\t\t<\/div>\n\t\t\t\t<\/div>\n\t\t\t\t<div class=\"elementor-element elementor-element-fa4e084 elementor-widget elementor-widget-button\" data-id=\"fa4e084\" data-element_type=\"widget\" data-e-type=\"widget\" data-widget_type=\"button.default\">\n\t\t\t\t<div class=\"elementor-widget-container\">\n\t\t\t\t\t\t\t\t\t<div class=\"elementor-button-wrapper\">\n\t\t\t\t\t<a class=\"elementor-button elementor-button-link elementor-size-sm\" href=\"https:\/\/familienhoerbuch.de\/en\/neulich-in-muenchen\/\">\n\t\t\t\t\t\t<span class=\"elementor-button-content-wrapper\">\n\t\t\t\t\t\t\t\t\t<span class=\"elementor-button-text\">Weiterlesen \u00bb<\/span>\n\t\t\t\t\t<\/span>\n\t\t\t\t\t<\/a>\n\t\t\t\t<\/div>\n\t\t\t\t\t\t\t\t<\/div>\n\t\t\t\t<\/div>\n\t\t\t\t\t<\/div>\n\t\t\t\t<\/div>\n\t\t\t\t<\/div>\n\t\t\t\t<div data-elementor-type=\"loop-item\" data-elementor-id=\"7860\" class=\"elementor elementor-7860 e-loop-item e-loop-item-8483 post-8483 post type-post status-publish format-standard has-post-thumbnail hentry category-archiv category-veranstaltungen tag-kirche tag-paderborn tag-silke-tornede tag-vortrag tag-wdr\" data-elementor-post-type=\"elementor_library\" data-custom-edit-handle=\"1\">\n\t\t\t<div class=\"elementor-element elementor-element-3ae408ea e-flex e-con-boxed e-con e-parent\" data-id=\"3ae408ea\" data-element_type=\"container\" data-e-type=\"container\">\n\t\t\t\t\t<div class=\"e-con-inner\">\n\t\t\t\t<div class=\"elementor-element elementor-element-66e673b elementor-widget elementor-widget-theme-post-featured-image elementor-widget-image\" data-id=\"66e673b\" data-element_type=\"widget\" data-e-type=\"widget\" data-widget_type=\"theme-post-featured-image.default\">\n\t\t\t\t<div class=\"elementor-widget-container\">\n\t\t\t\t\t\t\t\t\t\t\t\t\t\t\t<img loading=\"lazy\" decoding=\"async\" width=\"768\" height=\"531\" src=\"https:\/\/familienhoerbuch.de\/wp-content\/uploads\/2024\/10\/Design-ohne-Titel199.png\" class=\"attachment-large size-large wp-image-8486\" alt=\"Kirche Paderborn\" srcset=\"https:\/\/familienhoerbuch.de\/wp-content\/uploads\/2024\/10\/Design-ohne-Titel199.png 768w, https:\/\/familienhoerbuch.de\/wp-content\/uploads\/2024\/10\/Design-ohne-Titel199-300x207.png 300w\" sizes=\"(max-width: 768px) 100vw, 768px\" \/>\t\t\t\t\t\t\t\t\t\t\t\t\t\t\t<\/div>\n\t\t\t\t<\/div>\n\t\t\t\t<div class=\"elementor-element elementor-element-743b0459 elementor-widget elementor-widget-theme-post-title elementor-page-title elementor-widget-heading\" data-id=\"743b0459\" data-element_type=\"widget\" data-e-type=\"widget\" data-widget_type=\"theme-post-title.default\">\n\t\t\t\t<div class=\"elementor-widget-container\">\n\t\t\t\t\t<h5 class=\"elementor-heading-title elementor-size-default\"><a href=\"https:\/\/familienhoerbuch.de\/en\/ein-abend-mit-einer-audiobiografin\/\">Ein Abend mit einer Audiobiografin<\/a><\/h5>\t\t\t\t<\/div>\n\t\t\t\t<\/div>\n\t\t\t\t<div class=\"elementor-element elementor-element-10ff72da elementor-widget elementor-widget-post-info\" data-id=\"10ff72da\" data-element_type=\"widget\" data-e-type=\"widget\" data-widget_type=\"post-info.default\">\n\t\t\t\t<div class=\"elementor-widget-container\">\n\t\t\t\t\t\t\t<ul class=\"elementor-inline-items elementor-icon-list-items elementor-post-info\">\n\t\t\t\t\t\t\t\t<li class=\"elementor-icon-list-item elementor-repeater-item-3a41ada elementor-inline-item\" itemprop=\"datePublished\">\n\t\t\t\t\t\t\t\t\t\t\t\t\t<span class=\"elementor-icon-list-text elementor-post-info__item elementor-post-info__item--type-date\">\n\t\t\t\t\t\t\t\t\t\t<time>31. October 2024<\/time>\t\t\t\t\t<\/span>\n\t\t\t\t\t\t\t\t<\/li>\n\t\t\t\t<\/ul>\n\t\t\t\t\t\t<\/div>\n\t\t\t\t<\/div>\n\t\t\t\t<div class=\"elementor-element elementor-element-73364d77 elementor-widget elementor-widget-theme-post-excerpt\" data-id=\"73364d77\" data-element_type=\"widget\" data-e-type=\"widget\" data-widget_type=\"theme-post-excerpt.default\">\n\t\t\t\t<div class=\"elementor-widget-container\">\n\t\t\t\t\t<p>Silke Tornede (WDR-Journalistin) arbeitet freiberuflich als Audiobiografin f\u00fcr die Familienh\u00f6rbuch gGmbH. Sie wird in der Reihe \u201eAm 8. um 8...\t\t\t\t<\/div>\n\t\t\t\t<\/div>\n\t\t\t\t<div class=\"elementor-element elementor-element-fa4e084 elementor-widget elementor-widget-button\" data-id=\"fa4e084\" data-element_type=\"widget\" data-e-type=\"widget\" data-widget_type=\"button.default\">\n\t\t\t\t<div class=\"elementor-widget-container\">\n\t\t\t\t\t\t\t\t\t<div class=\"elementor-button-wrapper\">\n\t\t\t\t\t<a class=\"elementor-button elementor-button-link elementor-size-sm\" href=\"https:\/\/familienhoerbuch.de\/en\/ein-abend-mit-einer-audiobiografin\/\">\n\t\t\t\t\t\t<span class=\"elementor-button-content-wrapper\">\n\t\t\t\t\t\t\t\t\t<span class=\"elementor-button-text\">Weiterlesen \u00bb<\/span>\n\t\t\t\t\t<\/span>\n\t\t\t\t\t<\/a>\n\t\t\t\t<\/div>\n\t\t\t\t\t\t\t\t<\/div>\n\t\t\t\t<\/div>\n\t\t\t\t\t<\/div>\n\t\t\t\t<\/div>\n\t\t\t\t<\/div>\n\t\t\t\t<div data-elementor-type=\"loop-item\" data-elementor-id=\"7860\" class=\"elementor elementor-7860 e-loop-item e-loop-item-8413 post-8413 post type-post status-publish format-standard has-post-thumbnail hentry category-archiv category-veranstaltungen tag-ammerland tag-carola-schede tag-hospiz tag-palliativ tag-vortrag tag-westerstede\" data-elementor-post-type=\"elementor_library\" data-custom-edit-handle=\"1\">\n\t\t\t<div class=\"elementor-element elementor-element-3ae408ea e-flex e-con-boxed e-con e-parent\" data-id=\"3ae408ea\" data-element_type=\"container\" data-e-type=\"container\">\n\t\t\t\t\t<div class=\"e-con-inner\">\n\t\t\t\t<div class=\"elementor-element elementor-element-66e673b elementor-widget elementor-widget-theme-post-featured-image elementor-widget-image\" data-id=\"66e673b\" data-element_type=\"widget\" data-e-type=\"widget\" data-widget_type=\"theme-post-featured-image.default\">\n\t\t\t\t<div class=\"elementor-widget-container\">\n\t\t\t\t\t\t\t\t\t\t\t\t\t\t\t<img loading=\"lazy\" decoding=\"async\" width=\"800\" height=\"553\" src=\"https:\/\/familienhoerbuch.de\/wp-content\/uploads\/2024\/10\/Design-ohne-Titel192-1024x708.png\" class=\"attachment-large size-large wp-image-8414\" alt=\"Carola Schede\" srcset=\"https:\/\/familienhoerbuch.de\/wp-content\/uploads\/2024\/10\/Design-ohne-Titel192-1024x708.png 1024w, https:\/\/familienhoerbuch.de\/wp-content\/uploads\/2024\/10\/Design-ohne-Titel192-300x208.png 300w, https:\/\/familienhoerbuch.de\/wp-content\/uploads\/2024\/10\/Design-ohne-Titel192-768x531.png 768w, https:\/\/familienhoerbuch.de\/wp-content\/uploads\/2024\/10\/Design-ohne-Titel192.png 1152w\" sizes=\"(max-width: 800px) 100vw, 800px\" \/>\t\t\t\t\t\t\t\t\t\t\t\t\t\t\t<\/div>\n\t\t\t\t<\/div>\n\t\t\t\t<div class=\"elementor-element elementor-element-743b0459 elementor-widget elementor-widget-theme-post-title elementor-page-title elementor-widget-heading\" data-id=\"743b0459\" data-element_type=\"widget\" data-e-type=\"widget\" data-widget_type=\"theme-post-title.default\">\n\t\t\t\t<div class=\"elementor-widget-container\">\n\t\t\t\t\t<h5 class=\"elementor-heading-title elementor-size-default\"><a href=\"https:\/\/familienhoerbuch.de\/en\/sterben-rette-sich-wer-kann\/\">Sterben? \u2013 Rette sich wer kann!<\/a><\/h5>\t\t\t\t<\/div>\n\t\t\t\t<\/div>\n\t\t\t\t<div class=\"elementor-element elementor-element-10ff72da elementor-widget elementor-widget-post-info\" data-id=\"10ff72da\" data-element_type=\"widget\" data-e-type=\"widget\" data-widget_type=\"post-info.default\">\n\t\t\t\t<div class=\"elementor-widget-container\">\n\t\t\t\t\t\t\t<ul class=\"elementor-inline-items elementor-icon-list-items elementor-post-info\">\n\t\t\t\t\t\t\t\t<li class=\"elementor-icon-list-item elementor-repeater-item-3a41ada elementor-inline-item\" itemprop=\"datePublished\">\n\t\t\t\t\t\t\t\t\t\t\t\t\t<span class=\"elementor-icon-list-text elementor-post-info__item elementor-post-info__item--type-date\">\n\t\t\t\t\t\t\t\t\t\t<time>22. October 2024<\/time>\t\t\t\t\t<\/span>\n\t\t\t\t\t\t\t\t<\/li>\n\t\t\t\t<\/ul>\n\t\t\t\t\t\t<\/div>\n\t\t\t\t<\/div>\n\t\t\t\t<div class=\"elementor-element elementor-element-73364d77 elementor-widget elementor-widget-theme-post-excerpt\" data-id=\"73364d77\" data-element_type=\"widget\" data-e-type=\"widget\" data-widget_type=\"theme-post-excerpt.default\">\n\t\t\t\t<div class=\"elementor-widget-container\">\n\t\t\t\t\t<p>Am 18. Oktober fand der erste Hospiz- und Palliativtag in Westerstede statt. Unter dem Schwerpunkt \u201eHospiz- und Palliativversorgung im Spannungsfeld...\t\t\t\t<\/div>\n\t\t\t\t<\/div>\n\t\t\t\t<div class=\"elementor-element elementor-element-fa4e084 elementor-widget elementor-widget-button\" data-id=\"fa4e084\" data-element_type=\"widget\" data-e-type=\"widget\" data-widget_type=\"button.default\">\n\t\t\t\t<div class=\"elementor-widget-container\">\n\t\t\t\t\t\t\t\t\t<div class=\"elementor-button-wrapper\">\n\t\t\t\t\t<a class=\"elementor-button elementor-button-link elementor-size-sm\" href=\"https:\/\/familienhoerbuch.de\/en\/sterben-rette-sich-wer-kann\/\">\n\t\t\t\t\t\t<span class=\"elementor-button-content-wrapper\">\n\t\t\t\t\t\t\t\t\t<span class=\"elementor-button-text\">Weiterlesen \u00bb<\/span>\n\t\t\t\t\t<\/span>\n\t\t\t\t\t<\/a>\n\t\t\t\t<\/div>\n\t\t\t\t\t\t\t\t<\/div>\n\t\t\t\t<\/div>\n\t\t\t\t\t<\/div>\n\t\t\t\t<\/div>\n\t\t\t\t<\/div>\n\t\t\t\t<div data-elementor-type=\"loop-item\" data-elementor-id=\"7860\" class=\"elementor elementor-7860 e-loop-item e-loop-item-6058 post-6058 post type-post status-publish format-standard has-post-thumbnail hentry category-archiv category-veranstaltungen tag-ammerland tag-hospiz tag-schede tag-sterben tag-tod tag-vortrag tag-westerstede\" data-elementor-post-type=\"elementor_library\" data-custom-edit-handle=\"1\">\n\t\t\t<div class=\"elementor-element elementor-element-3ae408ea e-flex e-con-boxed e-con e-parent\" data-id=\"3ae408ea\" data-element_type=\"container\" data-e-type=\"container\">\n\t\t\t\t\t<div class=\"e-con-inner\">\n\t\t\t\t<div class=\"elementor-element elementor-element-66e673b elementor-widget elementor-widget-theme-post-featured-image elementor-widget-image\" data-id=\"66e673b\" data-element_type=\"widget\" data-e-type=\"widget\" data-widget_type=\"theme-post-featured-image.default\">\n\t\t\t\t<div class=\"elementor-widget-container\">\n\t\t\t\t\t\t\t\t\t\t\t\t\t\t\t<img loading=\"lazy\" decoding=\"async\" width=\"540\" height=\"360\" src=\"https:\/\/familienhoerbuch.de\/wp-content\/uploads\/2024\/09\/Design-ohne-Titel163-e1726169773145.png\" class=\"attachment-large size-large wp-image-6059\" alt=\"Sommerfest 2024 Ammerland Hospiz\" srcset=\"https:\/\/familienhoerbuch.de\/wp-content\/uploads\/2024\/09\/Design-ohne-Titel163-e1726169773145.png 540w, https:\/\/familienhoerbuch.de\/wp-content\/uploads\/2024\/09\/Design-ohne-Titel163-e1726169773145-300x200.png 300w\" sizes=\"(max-width: 540px) 100vw, 540px\" \/>\t\t\t\t\t\t\t\t\t\t\t\t\t\t\t<\/div>\n\t\t\t\t<\/div>\n\t\t\t\t<div class=\"elementor-element elementor-element-743b0459 elementor-widget elementor-widget-theme-post-title elementor-page-title elementor-widget-heading\" data-id=\"743b0459\" data-element_type=\"widget\" data-e-type=\"widget\" data-widget_type=\"theme-post-title.default\">\n\t\t\t\t<div class=\"elementor-widget-container\">\n\t\t\t\t\t<h5 class=\"elementor-heading-title elementor-size-default\"><a href=\"https:\/\/familienhoerbuch.de\/en\/zu-besuch-im-ammerland-hospiz\/\">Zu Besuch im Ammerland-Hospiz<\/a><\/h5>\t\t\t\t<\/div>\n\t\t\t\t<\/div>\n\t\t\t\t<div class=\"elementor-element elementor-element-10ff72da elementor-widget elementor-widget-post-info\" data-id=\"10ff72da\" data-element_type=\"widget\" data-e-type=\"widget\" data-widget_type=\"post-info.default\">\n\t\t\t\t<div class=\"elementor-widget-container\">\n\t\t\t\t\t\t\t<ul class=\"elementor-inline-items elementor-icon-list-items elementor-post-info\">\n\t\t\t\t\t\t\t\t<li class=\"elementor-icon-list-item elementor-repeater-item-3a41ada elementor-inline-item\" itemprop=\"datePublished\">\n\t\t\t\t\t\t\t\t\t\t\t\t\t<span class=\"elementor-icon-list-text elementor-post-info__item elementor-post-info__item--type-date\">\n\t\t\t\t\t\t\t\t\t\t<time>3. September 2024<\/time>\t\t\t\t\t<\/span>\n\t\t\t\t\t\t\t\t<\/li>\n\t\t\t\t<\/ul>\n\t\t\t\t\t\t<\/div>\n\t\t\t\t<\/div>\n\t\t\t\t<div class=\"elementor-element elementor-element-73364d77 elementor-widget elementor-widget-theme-post-excerpt\" data-id=\"73364d77\" data-element_type=\"widget\" data-e-type=\"widget\" data-widget_type=\"theme-post-excerpt.default\">\n\t\t\t\t<div class=\"elementor-widget-container\">\n\t\t\t\t\t<p>An die 400 Menschen besuchten am 18. August das Sommerfest im Garten und den R\u00e4umlichkeiten des Ammerland-Hospizes. Das Familienh\u00f6rbuch war...\t\t\t\t<\/div>\n\t\t\t\t<\/div>\n\t\t\t\t<div class=\"elementor-element elementor-element-fa4e084 elementor-widget elementor-widget-button\" data-id=\"fa4e084\" data-element_type=\"widget\" data-e-type=\"widget\" data-widget_type=\"button.default\">\n\t\t\t\t<div class=\"elementor-widget-container\">\n\t\t\t\t\t\t\t\t\t<div class=\"elementor-button-wrapper\">\n\t\t\t\t\t<a class=\"elementor-button elementor-button-link elementor-size-sm\" href=\"https:\/\/familienhoerbuch.de\/en\/zu-besuch-im-ammerland-hospiz\/\">\n\t\t\t\t\t\t<span class=\"elementor-button-content-wrapper\">\n\t\t\t\t\t\t\t\t\t<span class=\"elementor-button-text\">Weiterlesen \u00bb<\/span>\n\t\t\t\t\t<\/span>\n\t\t\t\t\t<\/a>\n\t\t\t\t<\/div>\n\t\t\t\t\t\t\t\t<\/div>\n\t\t\t\t<\/div>\n\t\t\t\t\t<\/div>\n\t\t\t\t<\/div>\n\t\t\t\t<\/div>\n\t\t\t\t<div data-elementor-type=\"loop-item\" data-elementor-id=\"7860\" class=\"elementor elementor-7860 e-loop-item e-loop-item-5949 post-5949 post type-post status-publish format-standard has-post-thumbnail hentry category-archiv category-veranstaltungen tag-hospiz tag-informationsveranstaltung tag-oldenburg tag-stiftung-hospizdienst\" data-elementor-post-type=\"elementor_library\" data-custom-edit-handle=\"1\">\n\t\t\t<div class=\"elementor-element elementor-element-3ae408ea e-flex e-con-boxed e-con e-parent\" data-id=\"3ae408ea\" data-element_type=\"container\" data-e-type=\"container\">\n\t\t\t\t\t<div class=\"e-con-inner\">\n\t\t\t\t<div class=\"elementor-element elementor-element-66e673b elementor-widget elementor-widget-theme-post-featured-image elementor-widget-image\" data-id=\"66e673b\" data-element_type=\"widget\" data-e-type=\"widget\" data-widget_type=\"theme-post-featured-image.default\">\n\t\t\t\t<div class=\"elementor-widget-container\">\n\t\t\t\t\t\t\t\t\t\t\t\t\t\t\t<img loading=\"lazy\" decoding=\"async\" width=\"340\" height=\"340\" src=\"https:\/\/familienhoerbuch.de\/wp-content\/uploads\/2024\/07\/Design-ohne-Titel134-e1720421762266.png\" class=\"attachment-large size-large wp-image-5950\" alt=\"Audiobiografin im Hintergrund. Im vordergrund eine Projektteilnehmerin. Beide lachen.\" srcset=\"https:\/\/familienhoerbuch.de\/wp-content\/uploads\/2024\/07\/Design-ohne-Titel134-e1720421762266.png 340w, https:\/\/familienhoerbuch.de\/wp-content\/uploads\/2024\/07\/Design-ohne-Titel134-e1720421762266-300x300.png 300w, https:\/\/familienhoerbuch.de\/wp-content\/uploads\/2024\/07\/Design-ohne-Titel134-e1720421762266-150x150.png 150w\" sizes=\"(max-width: 340px) 100vw, 340px\" \/>\t\t\t\t\t\t\t\t\t\t\t\t\t\t\t<\/div>\n\t\t\t\t<\/div>\n\t\t\t\t<div class=\"elementor-element elementor-element-743b0459 elementor-widget elementor-widget-theme-post-title elementor-page-title elementor-widget-heading\" data-id=\"743b0459\" data-element_type=\"widget\" data-e-type=\"widget\" data-widget_type=\"theme-post-title.default\">\n\t\t\t\t<div class=\"elementor-widget-container\">\n\t\t\t\t\t<h5 class=\"elementor-heading-title elementor-size-default\"><a href=\"https:\/\/familienhoerbuch.de\/en\/vortrag-in-oldenburg\/\">Vortrag in Oldenburg<\/a><\/h5>\t\t\t\t<\/div>\n\t\t\t\t<\/div>\n\t\t\t\t<div class=\"elementor-element elementor-element-10ff72da elementor-widget elementor-widget-post-info\" data-id=\"10ff72da\" data-element_type=\"widget\" data-e-type=\"widget\" data-widget_type=\"post-info.default\">\n\t\t\t\t<div class=\"elementor-widget-container\">\n\t\t\t\t\t\t\t<ul class=\"elementor-inline-items elementor-icon-list-items elementor-post-info\">\n\t\t\t\t\t\t\t\t<li class=\"elementor-icon-list-item elementor-repeater-item-3a41ada elementor-inline-item\" itemprop=\"datePublished\">\n\t\t\t\t\t\t\t\t\t\t\t\t\t<span class=\"elementor-icon-list-text elementor-post-info__item elementor-post-info__item--type-date\">\n\t\t\t\t\t\t\t\t\t\t<time>8. July 2024<\/time>\t\t\t\t\t<\/span>\n\t\t\t\t\t\t\t\t<\/li>\n\t\t\t\t<\/ul>\n\t\t\t\t\t\t<\/div>\n\t\t\t\t<\/div>\n\t\t\t\t<div class=\"elementor-element elementor-element-73364d77 elementor-widget elementor-widget-theme-post-excerpt\" data-id=\"73364d77\" data-element_type=\"widget\" data-e-type=\"widget\" data-widget_type=\"theme-post-excerpt.default\">\n\t\t\t\t<div class=\"elementor-widget-container\">\n\t\t\t\t\t<p>Mitte Juni besuchte Carola Schede (Audiobiografin) die Stiftung Hospizdienst in Oldenburg. Gemeinsam mit einer Projektteilnehmerin berichtete sie dort \u00fcber das...\t\t\t\t<\/div>\n\t\t\t\t<\/div>\n\t\t\t\t<div class=\"elementor-element elementor-element-fa4e084 elementor-widget elementor-widget-button\" data-id=\"fa4e084\" data-element_type=\"widget\" data-e-type=\"widget\" data-widget_type=\"button.default\">\n\t\t\t\t<div class=\"elementor-widget-container\">\n\t\t\t\t\t\t\t\t\t<div class=\"elementor-button-wrapper\">\n\t\t\t\t\t<a class=\"elementor-button elementor-button-link elementor-size-sm\" href=\"https:\/\/familienhoerbuch.de\/en\/vortrag-in-oldenburg\/\">\n\t\t\t\t\t\t<span class=\"elementor-button-content-wrapper\">\n\t\t\t\t\t\t\t\t\t<span class=\"elementor-button-text\">Weiterlesen \u00bb<\/span>\n\t\t\t\t\t<\/span>\n\t\t\t\t\t<\/a>\n\t\t\t\t<\/div>\n\t\t\t\t\t\t\t\t<\/div>\n\t\t\t\t<\/div>\n\t\t\t\t\t<\/div>\n\t\t\t\t<\/div>\n\t\t\t\t<\/div>\n\t\t\t\t<div data-elementor-type=\"loop-item\" data-elementor-id=\"7860\" class=\"elementor elementor-7860 e-loop-item e-loop-item-5898 post-5898 post type-post status-publish format-standard has-post-thumbnail hentry category-archiv category-veranstaltungen tag-kneipentalk tag-koeln tag-rometsch tag-spd\" data-elementor-post-type=\"elementor_library\" data-custom-edit-handle=\"1\">\n\t\t\t<div class=\"elementor-element elementor-element-3ae408ea e-flex e-con-boxed e-con e-parent\" data-id=\"3ae408ea\" data-element_type=\"container\" data-e-type=\"container\">\n\t\t\t\t\t<div class=\"e-con-inner\">\n\t\t\t\t<div class=\"elementor-element elementor-element-66e673b elementor-widget elementor-widget-theme-post-featured-image elementor-widget-image\" data-id=\"66e673b\" data-element_type=\"widget\" data-e-type=\"widget\" data-widget_type=\"theme-post-featured-image.default\">\n\t\t\t\t<div class=\"elementor-widget-container\">\n\t\t\t\t\t\t\t\t\t\t\t\t\t\t\t<img loading=\"lazy\" decoding=\"async\" width=\"410\" height=\"410\" src=\"https:\/\/familienhoerbuch.de\/wp-content\/uploads\/2024\/06\/Design-ohne-Titel124-e1719301708768.png\" class=\"attachment-large size-large wp-image-5899\" alt=\"Portrait Rometsch\" srcset=\"https:\/\/familienhoerbuch.de\/wp-content\/uploads\/2024\/06\/Design-ohne-Titel124-e1719301708768.png 410w, https:\/\/familienhoerbuch.de\/wp-content\/uploads\/2024\/06\/Design-ohne-Titel124-e1719301708768-300x300.png 300w, https:\/\/familienhoerbuch.de\/wp-content\/uploads\/2024\/06\/Design-ohne-Titel124-e1719301708768-150x150.png 150w\" sizes=\"(max-width: 410px) 100vw, 410px\" \/>\t\t\t\t\t\t\t\t\t\t\t\t\t\t\t<\/div>\n\t\t\t\t<\/div>\n\t\t\t\t<div class=\"elementor-element elementor-element-743b0459 elementor-widget elementor-widget-theme-post-title elementor-page-title elementor-widget-heading\" data-id=\"743b0459\" data-element_type=\"widget\" data-e-type=\"widget\" data-widget_type=\"theme-post-title.default\">\n\t\t\t\t<div class=\"elementor-widget-container\">\n\t\t\t\t\t<h5 class=\"elementor-heading-title elementor-size-default\"><a href=\"https:\/\/familienhoerbuch.de\/en\/rometsch-bei-koeln-wir-muessen-reden\/\">Rometsch bei \u201eK\u00f6ln, wir m\u00fcssen reden!\u201c<\/a><\/h5>\t\t\t\t<\/div>\n\t\t\t\t<\/div>\n\t\t\t\t<div class=\"elementor-element elementor-element-10ff72da elementor-widget elementor-widget-post-info\" data-id=\"10ff72da\" data-element_type=\"widget\" data-e-type=\"widget\" data-widget_type=\"post-info.default\">\n\t\t\t\t<div class=\"elementor-widget-container\">\n\t\t\t\t\t\t\t<ul class=\"elementor-inline-items elementor-icon-list-items elementor-post-info\">\n\t\t\t\t\t\t\t\t<li class=\"elementor-icon-list-item elementor-repeater-item-3a41ada elementor-inline-item\" itemprop=\"datePublished\">\n\t\t\t\t\t\t\t\t\t\t\t\t\t<span class=\"elementor-icon-list-text elementor-post-info__item elementor-post-info__item--type-date\">\n\t\t\t\t\t\t\t\t\t\t<time>25. June 2024<\/time>\t\t\t\t\t<\/span>\n\t\t\t\t\t\t\t\t<\/li>\n\t\t\t\t<\/ul>\n\t\t\t\t\t\t<\/div>\n\t\t\t\t<\/div>\n\t\t\t\t<div class=\"elementor-element elementor-element-73364d77 elementor-widget elementor-widget-theme-post-excerpt\" data-id=\"73364d77\" data-element_type=\"widget\" data-e-type=\"widget\" data-widget_type=\"theme-post-excerpt.default\">\n\t\t\t\t<div class=\"elementor-widget-container\">\n\t\t\t\t\t<p>Der SPD-Ortsverein Nippes l\u00e4dt jede Woche wechselnde Referent:innen in die Kneipe \u201eEigenheim\u201c ein, um \u00fcber aktuelle politische und gesellschaftsrelevante Themen...\t\t\t\t<\/div>\n\t\t\t\t<\/div>\n\t\t\t\t<div class=\"elementor-element elementor-element-fa4e084 elementor-widget elementor-widget-button\" data-id=\"fa4e084\" data-element_type=\"widget\" data-e-type=\"widget\" data-widget_type=\"button.default\">\n\t\t\t\t<div class=\"elementor-widget-container\">\n\t\t\t\t\t\t\t\t\t<div class=\"elementor-button-wrapper\">\n\t\t\t\t\t<a class=\"elementor-button elementor-button-link elementor-size-sm\" href=\"https:\/\/familienhoerbuch.de\/en\/rometsch-bei-koeln-wir-muessen-reden\/\">\n\t\t\t\t\t\t<span class=\"elementor-button-content-wrapper\">\n\t\t\t\t\t\t\t\t\t<span class=\"elementor-button-text\">Weiterlesen \u00bb<\/span>\n\t\t\t\t\t<\/span>\n\t\t\t\t\t<\/a>\n\t\t\t\t<\/div>\n\t\t\t\t\t\t\t\t<\/div>\n\t\t\t\t<\/div>\n\t\t\t\t\t<\/div>\n\t\t\t\t<\/div>\n\t\t\t\t<\/div>\n\t\t\t\t<div data-elementor-type=\"loop-item\" data-elementor-id=\"7860\" class=\"elementor elementor-7860 e-loop-item e-loop-item-5813 post-5813 post type-post status-publish format-standard has-post-thumbnail hentry category-archiv category-veranstaltungen tag-berlin tag-krebs tag-krebsconvention tag-messe tag-veranstaltung tag-yescon tag-yeswecancer\" data-elementor-post-type=\"elementor_library\" data-custom-edit-handle=\"1\">\n\t\t\t<div class=\"elementor-element elementor-element-3ae408ea e-flex e-con-boxed e-con e-parent\" data-id=\"3ae408ea\" data-element_type=\"container\" data-e-type=\"container\">\n\t\t\t\t\t<div class=\"e-con-inner\">\n\t\t\t\t<div class=\"elementor-element elementor-element-66e673b elementor-widget elementor-widget-theme-post-featured-image elementor-widget-image\" data-id=\"66e673b\" data-element_type=\"widget\" data-e-type=\"widget\" data-widget_type=\"theme-post-featured-image.default\">\n\t\t\t\t<div class=\"elementor-widget-container\">\n\t\t\t\t\t\t\t\t\t\t\t\t\t\t\t<img loading=\"lazy\" decoding=\"async\" width=\"400\" height=\"400\" src=\"https:\/\/familienhoerbuch.de\/wp-content\/uploads\/2024\/05\/Design-ohne-Titel105-e1715596459805.png\" class=\"attachment-large size-large wp-image-5814\" alt=\"Carmen Dreyer, Judith Gr\u00fcmmer und Thomas Koenen auf dem pinken Teppich bei der Yes!Con\" srcset=\"https:\/\/familienhoerbuch.de\/wp-content\/uploads\/2024\/05\/Design-ohne-Titel105-e1715596459805.png 400w, https:\/\/familienhoerbuch.de\/wp-content\/uploads\/2024\/05\/Design-ohne-Titel105-e1715596459805-300x300.png 300w, https:\/\/familienhoerbuch.de\/wp-content\/uploads\/2024\/05\/Design-ohne-Titel105-e1715596459805-150x150.png 150w\" sizes=\"(max-width: 400px) 100vw, 400px\" \/>\t\t\t\t\t\t\t\t\t\t\t\t\t\t\t<\/div>\n\t\t\t\t<\/div>\n\t\t\t\t<div class=\"elementor-element elementor-element-743b0459 elementor-widget elementor-widget-theme-post-title elementor-page-title elementor-widget-heading\" data-id=\"743b0459\" data-element_type=\"widget\" data-e-type=\"widget\" data-widget_type=\"theme-post-title.default\">\n\t\t\t\t<div class=\"elementor-widget-container\">\n\t\t\t\t\t<h5 class=\"elementor-heading-title elementor-size-default\"><a href=\"https:\/\/familienhoerbuch.de\/en\/yescon-5-0\/\">YES!CON 5.0<\/a><\/h5>\t\t\t\t<\/div>\n\t\t\t\t<\/div>\n\t\t\t\t<div class=\"elementor-element elementor-element-10ff72da elementor-widget elementor-widget-post-info\" data-id=\"10ff72da\" data-element_type=\"widget\" data-e-type=\"widget\" data-widget_type=\"post-info.default\">\n\t\t\t\t<div class=\"elementor-widget-container\">\n\t\t\t\t\t\t\t<ul class=\"elementor-inline-items elementor-icon-list-items elementor-post-info\">\n\t\t\t\t\t\t\t\t<li class=\"elementor-icon-list-item elementor-repeater-item-3a41ada elementor-inline-item\" itemprop=\"datePublished\">\n\t\t\t\t\t\t\t\t\t\t\t\t\t<span class=\"elementor-icon-list-text elementor-post-info__item elementor-post-info__item--type-date\">\n\t\t\t\t\t\t\t\t\t\t<time>13. May 2024<\/time>\t\t\t\t\t<\/span>\n\t\t\t\t\t\t\t\t<\/li>\n\t\t\t\t<\/ul>\n\t\t\t\t\t\t<\/div>\n\t\t\t\t<\/div>\n\t\t\t\t<div class=\"elementor-element elementor-element-73364d77 elementor-widget elementor-widget-theme-post-excerpt\" data-id=\"73364d77\" data-element_type=\"widget\" data-e-type=\"widget\" data-widget_type=\"theme-post-excerpt.default\">\n\t\t\t\t<div class=\"elementor-widget-container\">\n\t\t\t\t\t<p>Am 4. und 5. Mai fand in der Hauptstadtrepr\u00e4sentanz der Telekom die diesj\u00e4hrige Yes!Con statt. Betroffene und Fachexperten suchten auf...\t\t\t\t<\/div>\n\t\t\t\t<\/div>\n\t\t\t\t<div class=\"elementor-element elementor-element-fa4e084 elementor-widget elementor-widget-button\" data-id=\"fa4e084\" data-element_type=\"widget\" data-e-type=\"widget\" data-widget_type=\"button.default\">\n\t\t\t\t<div class=\"elementor-widget-container\">\n\t\t\t\t\t\t\t\t\t<div class=\"elementor-button-wrapper\">\n\t\t\t\t\t<a class=\"elementor-button elementor-button-link elementor-size-sm\" href=\"https:\/\/familienhoerbuch.de\/en\/yescon-5-0\/\">\n\t\t\t\t\t\t<span class=\"elementor-button-content-wrapper\">\n\t\t\t\t\t\t\t\t\t<span class=\"elementor-button-text\">Weiterlesen \u00bb<\/span>\n\t\t\t\t\t<\/span>\n\t\t\t\t\t<\/a>\n\t\t\t\t<\/div>\n\t\t\t\t\t\t\t\t<\/div>\n\t\t\t\t<\/div>\n\t\t\t\t\t<\/div>\n\t\t\t\t<\/div>\n\t\t\t\t<\/div>\n\t\t\t\t<\/div>\n\t\t\n\t\t\t\t<div class=\"e-load-more-anchor\" data-page=\"1\" data-max-page=\"2\" data-next-page=\"https:\/\/familienhoerbuch.de\/en\/wp-json\/wp\/v2\/pages\/6741\/page\/2\/\"><\/div>\n\t\t\t\t<nav class=\"elementor-pagination\" aria-label=\"Pagination\">\n\t\t\t<span aria-current=\"page\" class=\"page-numbers current\"><span class=\"elementor-screen-only\">Page<\/span>1<\/span>\n<a class=\"page-numbers\" href=\"https:\/\/familienhoerbuch.de\/en\/wp-json\/wp\/v2\/pages\/6741\/page\/2\/\"><span class=\"elementor-screen-only\">Page<\/span>2<\/a>\t\t<\/nav>\n\t\t\t\t\t\t<\/div>\n\t\t\t\t<\/div>\n\t\t\t\t\t<\/div>\n\t\t\t\t<\/div>\n\t\t<div class=\"elementor-element elementor-element-a46361b e-flex e-con-boxed e-con e-parent\" data-id=\"a46361b\" data-element_type=\"container\" data-e-type=\"container\">\n\t\t\t\t\t<div class=\"e-con-inner\">\n\t\t<div class=\"elementor-element elementor-element-46e77f4 e-con-full e-flex e-con e-child\" data-id=\"46e77f4\" data-element_type=\"container\" data-e-type=\"container\">\n\t\t\t\t<div class=\"elementor-element elementor-element-7e42b33 elementor-widget elementor-widget-text-editor\" data-id=\"7e42b33\" data-element_type=\"widget\" data-e-type=\"widget\" data-widget_type=\"text-editor.default\">\n\t\t\t\t<div class=\"elementor-widget-container\">\n\t\t\t\t\t\t\t\t\t<p><a href=\"https:\/\/familienhoerbuch.de\/en\/archiv\/\">Zum Archiv \u00bb<\/a><\/p>\t\t\t\t\t\t\t\t<\/div>\n\t\t\t\t<\/div>\n\t\t\t\t<\/div>\n\t\t\t\t\t<\/div>\n\t\t\t\t<\/div>\n\t\t\t\t<\/div>","protected":false},"excerpt":{"rendered":"<p>Veranstaltungen Zum Archiv \u00bb<\/p>","protected":false},"author":1,"featured_media":0,"parent":0,"menu_order":0,"comment_status":"closed","ping_status":"closed","template":"","meta":{"_acf_changed":false,"footnotes":""},"class_list":["post-6741","page","type-page","status-publish","hentry"],"acf":[],"_links":{"self":[{"href":"https:\/\/familienhoerbuch.de\/en\/wp-json\/wp\/v2\/pages\/6741","targetHints":{"allow":["GET"]}}],"collection":[{"href":"https:\/\/familienhoerbuch.de\/en\/wp-json\/wp\/v2\/pages"}],"about":[{"href":"https:\/\/familienhoerbuch.de\/en\/wp-json\/wp\/v2\/types\/page"}],"author":[{"embeddable":true,"href":"https:\/\/familienhoerbuch.de\/en\/wp-json\/wp\/v2\/users\/1"}],"replies":[{"embeddable":true,"href":"https:\/\/familienhoerbuch.de\/en\/wp-json\/wp\/v2\/comments?post=6741"}],"version-history":[{"count":0,"href":"https:\/\/familienhoerbuch.de\/en\/wp-json\/wp\/v2\/pages\/6741\/revisions"}],"wp:attachment":[{"href":"https:\/\/familienhoerbuch.de\/en\/wp-json\/wp\/v2\/media?parent=6741"}],"curies":[{"name":"wp","href":"https:\/\/api.w.org\/{rel}","templated":true}]}}